{"id":3007,"date":"2013-06-28T14:41:10","date_gmt":"2013-06-28T12:41:10","guid":{"rendered":"https:\/\/gtl-landschaftsarchitektur.de\/?post_type=portfolio&#038;p=3007"},"modified":"2021-09-06T13:18:41","modified_gmt":"2021-09-06T11:18:41","slug":"public-space-eschwege","status":"publish","type":"portfolio","link":"https:\/\/gtl-landschaftsarchitektur.de\/en\/projekt\/public-space-eschwege\/","title":{"rendered":"Public Space | Eschwege"},"content":{"rendered":"<div class=\"wpb-content-wrapper\"><p>[vc_row row_height_percent=&#8221;0&#8243; override_padding=&#8221;yes&#8221; h_padding=&#8221;0&#8243; top_padding=&#8221;0&#8243; bottom_padding=&#8221;2&#8243; overlay_alpha=&#8221;50&#8243; gutter_size=&#8221;3&#8243; column_width_percent=&#8221;100&#8243; shift_y=&#8221;0&#8243; z_index=&#8221;0&#8243;][vc_column column_width_percent=&#8221;100&#8243; gutter_size=&#8221;3&#8243; overlay_alpha=&#8221;50&#8243; shift_x=&#8221;0&#8243; shift_y=&#8221;0&#8243; shift_y_down=&#8221;0&#8243; z_index=&#8221;0&#8243; medium_width=&#8221;0&#8243; mobile_width=&#8221;0&#8243; css_animation=&#8221;alpha-anim&#8221; width=&#8221;2\/3&#8243;][vc_single_image media=&#8221;1068&#8243; media_lightbox=&#8221;yes&#8221; media_width_percent=&#8221;100&#8243; advanced=&#8221;yes&#8221; media_items=&#8221;media|original,caption&#8221; media_overlay_opacity=&#8221;50&#8243; media_text_visible=&#8221;yes&#8221; media_v_position=&#8221;bottom&#8221; media_padding=&#8221;2&#8243; lbox_skin=&#8221;white&#8221; lbox_no_tmb=&#8221;yes&#8221; lbox_connected=&#8221;yes&#8221;][\/vc_column][vc_column column_width_percent=&#8221;100&#8243; position_vertical=&#8221;middle&#8221; gutter_size=&#8221;3&#8243; overlay_alpha=&#8221;50&#8243; shift_x=&#8221;0&#8243; shift_y=&#8221;0&#8243; shift_y_down=&#8221;0&#8243; z_index=&#8221;10&#8243; medium_width=&#8221;0&#8243; mobile_width=&#8221;0&#8243; css_animation=&#8221;right-t-left&#8221; animation_speed=&#8221;700&#8243; animation_delay=&#8221;300&#8243; width=&#8221;1\/3&#8243;][vc_column_text]<\/p>\n<h1>Public space<\/h1>\n<h3>Eschwege<\/h3>\n<p><strong>Owner:<\/strong> Stadt Eschwege<br \/>\n<strong>Area:<\/strong> ca. 15.500 qm<br \/>\n<strong>Scope of service:<\/strong> 1-3, danach abschnittsweise bis 8<br \/>\n<strong>Planning period:<\/strong> 2010-2013<\/p>\n<p>This plan aims to accentuate the beauty of the landscape and the history of the region by clustering the potentials of the cities surrounding Eschwege.[\/vc_column_text][\/vc_column][\/vc_row][vc_row row_height_percent=&#8221;0&#8243; override_padding=&#8221;yes&#8221; h_padding=&#8221;0&#8243; top_padding=&#8221;2&#8243; bottom_padding=&#8221;2&#8243; overlay_alpha=&#8221;50&#8243; gutter_size=&#8221;3&#8243; column_width_percent=&#8221;100&#8243; shift_y=&#8221;0&#8243; z_index=&#8221;0&#8243;][vc_column column_width_percent=&#8221;100&#8243; gutter_size=&#8221;4&#8243; overlay_alpha=&#8221;50&#8243; shift_x=&#8221;0&#8243; shift_y=&#8221;0&#8243; shift_y_down=&#8221;0&#8243; z_index=&#8221;0&#8243; medium_width=&#8221;0&#8243; mobile_width=&#8221;0&#8243; width=&#8221;1\/1&#8243;][vc_gallery el_id=&#8221;gallery-732689&#8243; type=&#8221;carousel&#8221; medias=&#8221;1074,1072,1070&#8243; carousel_lg=&#8221;1&#8243; carousel_md=&#8221;1&#8243; carousel_sm=&#8221;1&#8243; gutter_size=&#8221;3&#8243; media_items=&#8221;media|nolink|original,caption&#8221; carousel_type=&#8221;fade&#8221; carousel_interval=&#8221;5000&#8243; carousel_navspeed=&#8221;1000&#8243; carousel_loop=&#8221;yes&#8221; carousel_dots=&#8221;yes&#8221; carousel_dots_space=&#8221;yes&#8221; carousel_dots_mobile=&#8221;yes&#8221; stage_padding=&#8221;0&#8243; single_overlay_opacity=&#8221;50&#8243; single_text_visible=&#8221;yes&#8221; single_v_position=&#8221;bottom&#8221; single_padding=&#8221;2&#8243;][vc_column_text]<\/p>\n<h2>The basic idea<\/h2>\n<p>[\/vc_column_text][\/vc_column][\/vc_row][vc_row row_height_percent=&#8221;0&#8243; override_padding=&#8221;yes&#8221; h_padding=&#8221;0&#8243; top_padding=&#8221;0&#8243; bottom_padding=&#8221;3&#8243; overlay_alpha=&#8221;50&#8243; gutter_size=&#8221;3&#8243; column_width_percent=&#8221;100&#8243; shift_y=&#8221;-1&#8243; z_index=&#8221;0&#8243;][vc_column width=&#8221;1\/2&#8243;][vc_column_text]In our concept, the \u201cgems\u201d of Eschwege and the access to the Werra River are all connected through a uniform soft natural stone pavement. The downtown routes are paved with a combination of sawn and stacked cobblestones and natural stone slabs.<br \/>\nThis goes along with the style of the half-timbered houses, allowing the historic city to maintain its quiet yet lively basis. [\/vc_column_text][\/vc_column][vc_column column_width_percent=&#8221;100&#8243; gutter_size=&#8221;3&#8243; overlay_alpha=&#8221;50&#8243; shift_x=&#8221;0&#8243; shift_y=&#8221;0&#8243; shift_y_down=&#8221;0&#8243; z_index=&#8221;0&#8243; medium_width=&#8221;0&#8243; mobile_width=&#8221;0&#8243; width=&#8221;1\/2&#8243;][vc_column_text]This consistent pavement connects the market church to the square Nikolaiplatz, as well as the castle and the street Stad to the new path leading to the Werra River. Inner city barrens will be redesigned into oases of tranquillity, small parks, or beer gardens.<br \/>\n<a href=\"https:\/\/gtl-landschaftsarchitektur.de\/wp-content\/uploads\/2018\/06\/2012_Public-Space-Eschwege.pdf\" target=\"_blank\" rel=\"noopener noreferrer\">Download Datasheet PDF<\/a>[\/vc_column_text][\/vc_column][\/vc_row]<\/p>\n<\/div>","protected":false},"excerpt":{"rendered":"<p>[vc_row row_height_percent=&#8221;0&#8243; override_padding=&#8221;yes&#8221; h_padding=&#8221;0&#8243; top_padding=&#8221;0&#8243; bottom_padding=&#8221;2&#8243; overlay_alpha=&#8221;50&#8243; gutter_size=&#8221;3&#8243; column_width_percent=&#8221;100&#8243; shift_y=&#8221;0&#8243; z_index=&#8221;0&#8243;][vc_column column_width_percent=&#8221;100&#8243; gutter_size=&#8221;3&#8243; overlay_alpha=&#8221;50&#8243; shift_x=&#8221;0&#8243; shift_y=&#8221;0&#8243; shift_y_down=&#8221;0&#8243; z_index=&#8221;0&#8243; medium_width=&#8221;0&#8243; mobile_width=&#8221;0&#8243; [&hellip;]<\/p>\n","protected":false},"author":1,"featured_media":1077,"parent":0,"menu_order":196,"comment_status":"closed","ping_status":"closed","template":"","meta":{"footnotes":""},"portfolio_category":[16],"class_list":["post-3007","portfolio","type-portfolio","status-publish","has-post-thumbnail","hentry","portfolio_category-master-plans-feasibility-studies"],"yoast_head":"<!-- This site is optimized with the Yoast SEO plugin v27.4 - https:\/\/yoast.com\/product\/yoast-seo-wordpress\/ -->\n<title>Public Space | Eschwege - GTL Landschaftsarchitektur Triebswetter, Mauer, Bruns Partner mbB<\/title>\n<meta name=\"robots\" content=\"index, follow, max-snippet:-1, max-image-preview:large, max-video-preview:-1\" \/>\n<link rel=\"canonical\" href=\"https:\/\/gtl-landschaftsarchitektur.de\/en\/projekt\/public-space-eschwege\/\" \/>\n<meta property=\"og:locale\" content=\"en_US\" \/>\n<meta property=\"og:type\" content=\"article\" \/>\n<meta property=\"og:title\" content=\"Public Space | Eschwege - GTL Landschaftsarchitektur Triebswetter, Mauer, Bruns Partner mbB\" \/>\n<meta property=\"og:description\" content=\"[vc_row row_height_percent=&#8221;0&#8243; override_padding=&#8221;yes&#8221; h_padding=&#8221;0&#8243; top_padding=&#8221;0&#8243; bottom_padding=&#8221;2&#8243; overlay_alpha=&#8221;50&#8243; gutter_size=&#8221;3&#8243; column_width_percent=&#8221;100&#8243; shift_y=&#8221;0&#8243; z_index=&#8221;0&#8243;][vc_column column_width_percent=&#8221;100&#8243; gutter_size=&#8221;3&#8243; overlay_alpha=&#8221;50&#8243; shift_x=&#8221;0&#8243; shift_y=&#8221;0&#8243; shift_y_down=&#8221;0&#8243; z_index=&#8221;0&#8243; medium_width=&#8221;0&#8243; mobile_width=&#8221;0&#8243; [&hellip;]\" \/>\n<meta property=\"og:url\" content=\"https:\/\/gtl-landschaftsarchitektur.de\/en\/projekt\/public-space-eschwege\/\" \/>\n<meta property=\"og:site_name\" content=\"GTL Landschaftsarchitektur Triebswetter, Mauer, Bruns Partner mbB\" \/>\n<meta property=\"article:modified_time\" content=\"2021-09-06T11:18:41+00:00\" \/>\n<meta property=\"og:image\" content=\"https:\/\/gtl-landschaftsarchitektur.de\/wp-content\/uploads\/2017\/09\/Eschwege-Preview.jpg\" \/>\n\t<meta property=\"og:image:width\" content=\"1172\" \/>\n\t<meta property=\"og:image:height\" content=\"997\" \/>\n\t<meta property=\"og:image:type\" content=\"image\/jpeg\" \/>\n<meta name=\"twitter:card\" content=\"summary_large_image\" \/>\n<meta name=\"twitter:label1\" content=\"Est. reading time\" \/>\n\t<meta name=\"twitter:data1\" content=\"2 minutes\" \/>\n<script type=\"application\/ld+json\" class=\"yoast-schema-graph\">{\"@context\":\"https:\\\/\\\/schema.org\",\"@graph\":[{\"@type\":\"WebPage\",\"@id\":\"https:\\\/\\\/gtl-landschaftsarchitektur.de\\\/en\\\/projekt\\\/public-space-eschwege\\\/\",\"url\":\"https:\\\/\\\/gtl-landschaftsarchitektur.de\\\/en\\\/projekt\\\/public-space-eschwege\\\/\",\"name\":\"Public Space | Eschwege - GTL Landschaftsarchitektur Triebswetter, Mauer, Bruns Partner mbB\",\"isPartOf\":{\"@id\":\"https:\\\/\\\/gtl-landschaftsarchitektur.de\\\/#website\"},\"primaryImageOfPage\":{\"@id\":\"https:\\\/\\\/gtl-landschaftsarchitektur.de\\\/en\\\/projekt\\\/public-space-eschwege\\\/#primaryimage\"},\"image\":{\"@id\":\"https:\\\/\\\/gtl-landschaftsarchitektur.de\\\/en\\\/projekt\\\/public-space-eschwege\\\/#primaryimage\"},\"thumbnailUrl\":\"https:\\\/\\\/gtl-landschaftsarchitektur.de\\\/wp-content\\\/uploads\\\/2017\\\/09\\\/Eschwege-Preview.jpg\",\"datePublished\":\"2013-06-28T12:41:10+00:00\",\"dateModified\":\"2021-09-06T11:18:41+00:00\",\"breadcrumb\":{\"@id\":\"https:\\\/\\\/gtl-landschaftsarchitektur.de\\\/en\\\/projekt\\\/public-space-eschwege\\\/#breadcrumb\"},\"inLanguage\":\"en-US\",\"potentialAction\":[{\"@type\":\"ReadAction\",\"target\":[\"https:\\\/\\\/gtl-landschaftsarchitektur.de\\\/en\\\/projekt\\\/public-space-eschwege\\\/\"]}]},{\"@type\":\"ImageObject\",\"inLanguage\":\"en-US\",\"@id\":\"https:\\\/\\\/gtl-landschaftsarchitektur.de\\\/en\\\/projekt\\\/public-space-eschwege\\\/#primaryimage\",\"url\":\"https:\\\/\\\/gtl-landschaftsarchitektur.de\\\/wp-content\\\/uploads\\\/2017\\\/09\\\/Eschwege-Preview.jpg\",\"contentUrl\":\"https:\\\/\\\/gtl-landschaftsarchitektur.de\\\/wp-content\\\/uploads\\\/2017\\\/09\\\/Eschwege-Preview.jpg\",\"width\":1172,\"height\":997,\"caption\":\"\u00a9 GTL\"},{\"@type\":\"BreadcrumbList\",\"@id\":\"https:\\\/\\\/gtl-landschaftsarchitektur.de\\\/en\\\/projekt\\\/public-space-eschwege\\\/#breadcrumb\",\"itemListElement\":[{\"@type\":\"ListItem\",\"position\":1,\"name\":\"Startseite\",\"item\":\"https:\\\/\\\/gtl-landschaftsarchitektur.de\\\/en\\\/\"},{\"@type\":\"ListItem\",\"position\":2,\"name\":\"Projekt\",\"item\":\"https:\\\/\\\/gtl-landschaftsarchitektur.de\\\/en\\\/projekt\\\/\"},{\"@type\":\"ListItem\",\"position\":3,\"name\":\"Public Space | Eschwege\"}]},{\"@type\":\"WebSite\",\"@id\":\"https:\\\/\\\/gtl-landschaftsarchitektur.de\\\/#website\",\"url\":\"https:\\\/\\\/gtl-landschaftsarchitektur.de\\\/\",\"name\":\"GTL-Michael Triebswetter\",\"description\":\"St\u00e4dtebauliche Planung, repr\u00e4sentative Au\u00dfenanlagen an Verwaltungsbauten, Wohnumfeldverbesserung in Gro\u00dfsiedlungen, Gestaltung von innerst\u00e4dtischen Projekten\",\"publisher\":{\"@id\":\"https:\\\/\\\/gtl-landschaftsarchitektur.de\\\/#organization\"},\"potentialAction\":[{\"@type\":\"SearchAction\",\"target\":{\"@type\":\"EntryPoint\",\"urlTemplate\":\"https:\\\/\\\/gtl-landschaftsarchitektur.de\\\/?s={search_term_string}\"},\"query-input\":{\"@type\":\"PropertyValueSpecification\",\"valueRequired\":true,\"valueName\":\"search_term_string\"}}],\"inLanguage\":\"en-US\"},{\"@type\":\"Organization\",\"@id\":\"https:\\\/\\\/gtl-landschaftsarchitektur.de\\\/#organization\",\"name\":\"Gtl Landschaftsarchitektur\",\"url\":\"https:\\\/\\\/gtl-landschaftsarchitektur.de\\\/\",\"logo\":{\"@type\":\"ImageObject\",\"inLanguage\":\"en-US\",\"@id\":\"https:\\\/\\\/gtl-landschaftsarchitektur.de\\\/#\\\/schema\\\/logo\\\/image\\\/\",\"url\":\"https:\\\/\\\/gtl-landschaftsarchitektur.de\\\/wp-content\\\/uploads\\\/2017\\\/09\\\/logo-gtl.png\",\"contentUrl\":\"https:\\\/\\\/gtl-landschaftsarchitektur.de\\\/wp-content\\\/uploads\\\/2017\\\/09\\\/logo-gtl.png\",\"width\":185,\"height\":119,\"caption\":\"Gtl Landschaftsarchitektur\"},\"image\":{\"@id\":\"https:\\\/\\\/gtl-landschaftsarchitektur.de\\\/#\\\/schema\\\/logo\\\/image\\\/\"}}]}<\/script>\n<!-- \/ Yoast SEO plugin. -->","yoast_head_json":{"title":"Public Space | Eschwege - GTL Landschaftsarchitektur Triebswetter, Mauer, Bruns Partner mbB","robots":{"index":"index","follow":"follow","max-snippet":"max-snippet:-1","max-image-preview":"max-image-preview:large","max-video-preview":"max-video-preview:-1"},"canonical":"https:\/\/gtl-landschaftsarchitektur.de\/en\/projekt\/public-space-eschwege\/","og_locale":"en_US","og_type":"article","og_title":"Public Space | Eschwege - GTL Landschaftsarchitektur Triebswetter, Mauer, Bruns Partner mbB","og_description":"[vc_row row_height_percent=&#8221;0&#8243; override_padding=&#8221;yes&#8221; h_padding=&#8221;0&#8243; top_padding=&#8221;0&#8243; bottom_padding=&#8221;2&#8243; overlay_alpha=&#8221;50&#8243; gutter_size=&#8221;3&#8243; column_width_percent=&#8221;100&#8243; shift_y=&#8221;0&#8243; z_index=&#8221;0&#8243;][vc_column column_width_percent=&#8221;100&#8243; gutter_size=&#8221;3&#8243; overlay_alpha=&#8221;50&#8243; shift_x=&#8221;0&#8243; shift_y=&#8221;0&#8243; shift_y_down=&#8221;0&#8243; z_index=&#8221;0&#8243; medium_width=&#8221;0&#8243; mobile_width=&#8221;0&#8243; [&hellip;]","og_url":"https:\/\/gtl-landschaftsarchitektur.de\/en\/projekt\/public-space-eschwege\/","og_site_name":"GTL Landschaftsarchitektur Triebswetter, Mauer, Bruns Partner mbB","article_modified_time":"2021-09-06T11:18:41+00:00","og_image":[{"width":1172,"height":997,"url":"https:\/\/gtl-landschaftsarchitektur.de\/wp-content\/uploads\/2017\/09\/Eschwege-Preview.jpg","type":"image\/jpeg"}],"twitter_card":"summary_large_image","twitter_misc":{"Est. reading time":"2 minutes"},"schema":{"@context":"https:\/\/schema.org","@graph":[{"@type":"WebPage","@id":"https:\/\/gtl-landschaftsarchitektur.de\/en\/projekt\/public-space-eschwege\/","url":"https:\/\/gtl-landschaftsarchitektur.de\/en\/projekt\/public-space-eschwege\/","name":"Public Space | Eschwege - GTL Landschaftsarchitektur Triebswetter, Mauer, Bruns Partner mbB","isPartOf":{"@id":"https:\/\/gtl-landschaftsarchitektur.de\/#website"},"primaryImageOfPage":{"@id":"https:\/\/gtl-landschaftsarchitektur.de\/en\/projekt\/public-space-eschwege\/#primaryimage"},"image":{"@id":"https:\/\/gtl-landschaftsarchitektur.de\/en\/projekt\/public-space-eschwege\/#primaryimage"},"thumbnailUrl":"https:\/\/gtl-landschaftsarchitektur.de\/wp-content\/uploads\/2017\/09\/Eschwege-Preview.jpg","datePublished":"2013-06-28T12:41:10+00:00","dateModified":"2021-09-06T11:18:41+00:00","breadcrumb":{"@id":"https:\/\/gtl-landschaftsarchitektur.de\/en\/projekt\/public-space-eschwege\/#breadcrumb"},"inLanguage":"en-US","potentialAction":[{"@type":"ReadAction","target":["https:\/\/gtl-landschaftsarchitektur.de\/en\/projekt\/public-space-eschwege\/"]}]},{"@type":"ImageObject","inLanguage":"en-US","@id":"https:\/\/gtl-landschaftsarchitektur.de\/en\/projekt\/public-space-eschwege\/#primaryimage","url":"https:\/\/gtl-landschaftsarchitektur.de\/wp-content\/uploads\/2017\/09\/Eschwege-Preview.jpg","contentUrl":"https:\/\/gtl-landschaftsarchitektur.de\/wp-content\/uploads\/2017\/09\/Eschwege-Preview.jpg","width":1172,"height":997,"caption":"\u00a9 GTL"},{"@type":"BreadcrumbList","@id":"https:\/\/gtl-landschaftsarchitektur.de\/en\/projekt\/public-space-eschwege\/#breadcrumb","itemListElement":[{"@type":"ListItem","position":1,"name":"Startseite","item":"https:\/\/gtl-landschaftsarchitektur.de\/en\/"},{"@type":"ListItem","position":2,"name":"Projekt","item":"https:\/\/gtl-landschaftsarchitektur.de\/en\/projekt\/"},{"@type":"ListItem","position":3,"name":"Public Space | Eschwege"}]},{"@type":"WebSite","@id":"https:\/\/gtl-landschaftsarchitektur.de\/#website","url":"https:\/\/gtl-landschaftsarchitektur.de\/","name":"GTL-Michael Triebswetter","description":"St\u00e4dtebauliche Planung, repr\u00e4sentative Au\u00dfenanlagen an Verwaltungsbauten, Wohnumfeldverbesserung in Gro\u00dfsiedlungen, Gestaltung von innerst\u00e4dtischen Projekten","publisher":{"@id":"https:\/\/gtl-landschaftsarchitektur.de\/#organization"},"potentialAction":[{"@type":"SearchAction","target":{"@type":"EntryPoint","urlTemplate":"https:\/\/gtl-landschaftsarchitektur.de\/?s={search_term_string}"},"query-input":{"@type":"PropertyValueSpecification","valueRequired":true,"valueName":"search_term_string"}}],"inLanguage":"en-US"},{"@type":"Organization","@id":"https:\/\/gtl-landschaftsarchitektur.de\/#organization","name":"Gtl Landschaftsarchitektur","url":"https:\/\/gtl-landschaftsarchitektur.de\/","logo":{"@type":"ImageObject","inLanguage":"en-US","@id":"https:\/\/gtl-landschaftsarchitektur.de\/#\/schema\/logo\/image\/","url":"https:\/\/gtl-landschaftsarchitektur.de\/wp-content\/uploads\/2017\/09\/logo-gtl.png","contentUrl":"https:\/\/gtl-landschaftsarchitektur.de\/wp-content\/uploads\/2017\/09\/logo-gtl.png","width":185,"height":119,"caption":"Gtl Landschaftsarchitektur"},"image":{"@id":"https:\/\/gtl-landschaftsarchitektur.de\/#\/schema\/logo\/image\/"}}]}},"_links":{"self":[{"href":"https:\/\/gtl-landschaftsarchitektur.de\/en\/wp-json\/wp\/v2\/portfolio\/3007","targetHints":{"allow":["GET"]}}],"collection":[{"href":"https:\/\/gtl-landschaftsarchitektur.de\/en\/wp-json\/wp\/v2\/portfolio"}],"about":[{"href":"https:\/\/gtl-landschaftsarchitektur.de\/en\/wp-json\/wp\/v2\/types\/portfolio"}],"author":[{"embeddable":true,"href":"https:\/\/gtl-landschaftsarchitektur.de\/en\/wp-json\/wp\/v2\/users\/1"}],"replies":[{"embeddable":true,"href":"https:\/\/gtl-landschaftsarchitektur.de\/en\/wp-json\/wp\/v2\/comments?post=3007"}],"version-history":[{"count":0,"href":"https:\/\/gtl-landschaftsarchitektur.de\/en\/wp-json\/wp\/v2\/portfolio\/3007\/revisions"}],"wp:featuredmedia":[{"embeddable":true,"href":"https:\/\/gtl-landschaftsarchitektur.de\/en\/wp-json\/wp\/v2\/media\/1077"}],"wp:attachment":[{"href":"https:\/\/gtl-landschaftsarchitektur.de\/en\/wp-json\/wp\/v2\/media?parent=3007"}],"wp:term":[{"taxonomy":"portfolio_category","embeddable":true,"href":"https:\/\/gtl-landschaftsarchitektur.de\/en\/wp-json\/wp\/v2\/portfolio_category?post=3007"}],"curies":[{"name":"wp","href":"https:\/\/api.w.org\/{rel}","templated":true}]}}