{"id":3004,"date":"2014-06-28T14:37:07","date_gmt":"2014-06-28T12:37:07","guid":{"rendered":"https:\/\/gtl-landschaftsarchitektur.de\/?post_type=portfolio&#038;p=3004"},"modified":"2024-10-16T10:27:31","modified_gmt":"2024-10-16T08:27:31","slug":"villa-rustica-blankenheim","status":"publish","type":"portfolio","link":"https:\/\/gtl-landschaftsarchitektur.de\/en\/projekt\/villa-rustica-blankenheim\/","title":{"rendered":"Villa Rustica | Blankenheim"},"content":{"rendered":"<div class=\"wpb-content-wrapper\"><p>[vc_row row_height_percent=&#8221;0&#8243; override_padding=&#8221;yes&#8221; h_padding=&#8221;0&#8243; top_padding=&#8221;0&#8243; bottom_padding=&#8221;2&#8243; overlay_alpha=&#8221;50&#8243; gutter_size=&#8221;3&#8243; column_width_percent=&#8221;100&#8243; shift_y=&#8221;0&#8243; z_index=&#8221;0&#8243;][vc_column column_width_percent=&#8221;100&#8243; gutter_size=&#8221;3&#8243; overlay_alpha=&#8221;50&#8243; shift_x=&#8221;0&#8243; shift_y=&#8221;0&#8243; shift_y_down=&#8221;0&#8243; z_index=&#8221;0&#8243; medium_width=&#8221;0&#8243; mobile_width=&#8221;0&#8243; css_animation=&#8221;alpha-anim&#8221; animation_speed=&#8221;600&#8243; width=&#8221;2\/3&#8243;][vc_single_image media=&#8221;1137&#8243; media_lightbox=&#8221;yes&#8221; media_width_percent=&#8221;100&#8243; advanced=&#8221;yes&#8221; media_items=&#8221;media|original,caption&#8221; media_overlay_opacity=&#8221;50&#8243; media_text_visible=&#8221;yes&#8221; media_v_position=&#8221;bottom&#8221; media_padding=&#8221;2&#8243; lbox_skin=&#8221;white&#8221; lbox_connected=&#8221;yes&#8221;][\/vc_column][vc_column column_width_percent=&#8221;100&#8243; position_vertical=&#8221;middle&#8221; gutter_size=&#8221;3&#8243; overlay_alpha=&#8221;50&#8243; shift_x=&#8221;0&#8243; shift_y=&#8221;0&#8243; shift_y_down=&#8221;0&#8243; z_index=&#8221;0&#8243; medium_width=&#8221;0&#8243; mobile_width=&#8221;0&#8243; css_animation=&#8221;right-t-left&#8221; animation_speed=&#8221;800&#8243; animation_delay=&#8221;400&#8243; width=&#8221;1\/3&#8243;][vc_column_text]<\/p>\n<h1>Villa Rustica<\/h1>\n<h3>Blankenheim<\/h3>\n<p><strong>projected with schneider + schumacher,\u2028 Frankfurt am Main<\/strong><br \/>\n<strong>Owner:<\/strong> Gemeinde Blankenheim<br \/>\n<strong>Area:<\/strong> ca. 20.000 qm<br \/>\n<strong>Building costs:<\/strong> ca. 430.000 Euro<br \/>\n<strong>Scope of service:<\/strong> Lph 1-9<br \/>\n<strong>Planning period:<\/strong> 2010-2014[\/vc_column_text][\/vc_column][\/vc_row][vc_row row_height_percent=&#8221;0&#8243; override_padding=&#8221;yes&#8221; h_padding=&#8221;0&#8243; top_padding=&#8221;2&#8243; bottom_padding=&#8221;2&#8243; overlay_alpha=&#8221;50&#8243; gutter_size=&#8221;3&#8243; column_width_percent=&#8221;100&#8243; shift_y=&#8221;0&#8243; z_index=&#8221;0&#8243;][vc_column column_width_percent=&#8221;100&#8243; gutter_size=&#8221;4&#8243; overlay_alpha=&#8221;50&#8243; shift_x=&#8221;0&#8243; shift_y=&#8221;0&#8243; shift_y_down=&#8221;0&#8243; z_index=&#8221;0&#8243; medium_width=&#8221;0&#8243; mobile_width=&#8221;0&#8243; width=&#8221;1\/1&#8243;][vc_gallery el_id=&#8221;gallery-1471599&#8243; type=&#8221;carousel&#8221; medias=&#8221;4485,4465,4473,4467,4497,4483,4481,4479,4477,4475,4491&#8243; carousel_lg=&#8221;3&#8243; carousel_md=&#8221;3&#8243; carousel_sm=&#8221;1&#8243; gutter_size=&#8221;3&#8243; media_items=&#8221;media|lightbox|original,caption&#8221; carousel_type=&#8221;fade&#8221; carousel_interval=&#8221;3000&#8243; carousel_navspeed=&#8221;700&#8243; carousel_loop=&#8221;yes&#8221; carousel_dots=&#8221;yes&#8221; carousel_dots_space=&#8221;yes&#8221; carousel_dots_mobile=&#8221;yes&#8221; stage_padding=&#8221;0&#8243; single_overlay_opacity=&#8221;50&#8243; single_overlay_anim=&#8221;no&#8221; single_text_visible=&#8221;yes&#8221; single_text_anim=&#8221;no&#8221; single_image_anim=&#8221;no&#8221; single_v_position=&#8221;bottom&#8221; single_padding=&#8221;2&#8243; lbox_skin=&#8221;white&#8221; lbox_no_tmb=&#8221;yes&#8221; no_double_tap=&#8221;yes&#8221; uncode_shortcode_id=&#8221;782549&#8243;][vc_column_text]<\/p>\n<h2>A new interpretation of the Portikushall<\/h2>\n<p>[\/vc_column_text][\/vc_column][\/vc_row][vc_row row_height_percent=&#8221;0&#8243; override_padding=&#8221;yes&#8221; h_padding=&#8221;0&#8243; top_padding=&#8221;0&#8243; bottom_padding=&#8221;3&#8243; overlay_alpha=&#8221;50&#8243; gutter_size=&#8221;3&#8243; column_width_percent=&#8221;100&#8243; shift_y=&#8221;-1&#8243; z_index=&#8221;0&#8243;][vc_column width=&#8221;1\/2&#8243;][vc_column_text]This project will allow to experience on site the spatial expansiveness, dimensions, and layout of the former Roman countryside estate \u201cVilla Rustica\u201d. Visitors will be led to discover the locations of the former buildings of the site through simple, unpretentious paths which start at the main access point at the central north-east axis.<br \/>\n[\/vc_column_text][\/vc_column][vc_column column_width_percent=&#8221;100&#8243; gutter_size=&#8221;3&#8243; overlay_alpha=&#8221;50&#8243; shift_x=&#8221;0&#8243; shift_y=&#8221;0&#8243; shift_y_down=&#8221;0&#8243; z_index=&#8221;0&#8243; medium_width=&#8221;0&#8243; mobile_width=&#8221;0&#8243; width=&#8221;1\/2&#8243;][vc_column_text]The whole public space is covered by these paths, which are consistently conceived in axial and diagonal parallelism. The spatial experience concludes with a final station offering a new interpretation of the Porticus Hall.<\/p>\n<p><a href=\"https:\/\/gtl-landschaftsarchitektur.de\/wp-content\/uploads\/2018\/06\/2014_Villa-Rustica-Blankenheim.pdf\" target=\"_blank\" rel=\"noopener noreferrer\">Download\u00a0Datasheet | PDF<\/a>[\/vc_column_text][\/vc_column][\/vc_row][vc_row row_height_percent=&#8221;0&#8243; override_padding=&#8221;yes&#8221; h_padding=&#8221;0&#8243; top_padding=&#8221;2&#8243; bottom_padding=&#8221;2&#8243; overlay_alpha=&#8221;50&#8243; gutter_size=&#8221;3&#8243; column_width_percent=&#8221;100&#8243; shift_y=&#8221;0&#8243; z_index=&#8221;0&#8243;][vc_column column_width_percent=&#8221;100&#8243; gutter_size=&#8221;4&#8243; overlay_alpha=&#8221;50&#8243; shift_x=&#8221;0&#8243; shift_y=&#8221;0&#8243; shift_y_down=&#8221;0&#8243; z_index=&#8221;0&#8243; medium_width=&#8221;0&#8243; mobile_width=&#8221;0&#8243; width=&#8221;1\/1&#8243;][vc_gallery el_id=&#8221;gallery-147156&#8243; type=&#8221;carousel&#8221; medias=&#8221;1131,1129,1135,1133&#8243; carousel_lg=&#8221;1&#8243; carousel_md=&#8221;1&#8243; carousel_sm=&#8221;1&#8243; gutter_size=&#8221;3&#8243; media_items=&#8221;media|lightbox|original,caption&#8221; carousel_type=&#8221;fade&#8221; carousel_interval=&#8221;5000&#8243; carousel_navspeed=&#8221;1000&#8243; carousel_loop=&#8221;yes&#8221; carousel_dots=&#8221;yes&#8221; carousel_dots_space=&#8221;yes&#8221; carousel_dots_mobile=&#8221;yes&#8221; stage_padding=&#8221;0&#8243; single_overlay_opacity=&#8221;50&#8243; single_overlay_anim=&#8221;no&#8221; single_text_visible=&#8221;yes&#8221; single_text_anim=&#8221;no&#8221; single_image_anim=&#8221;no&#8221; single_v_position=&#8221;bottom&#8221; single_padding=&#8221;2&#8243; lbox_skin=&#8221;white&#8221; lbox_no_tmb=&#8221;yes&#8221; no_double_tap=&#8221;yes&#8221;][\/vc_column][\/vc_row]<\/p>\n<\/div>","protected":false},"excerpt":{"rendered":"<p>[vc_row row_height_percent=&#8221;0&#8243; override_padding=&#8221;yes&#8221; h_padding=&#8221;0&#8243; top_padding=&#8221;0&#8243; bottom_padding=&#8221;2&#8243; overlay_alpha=&#8221;50&#8243; gutter_size=&#8221;3&#8243; column_width_percent=&#8221;100&#8243; shift_y=&#8221;0&#8243; z_index=&#8221;0&#8243;][vc_column column_width_percent=&#8221;100&#8243; gutter_size=&#8221;3&#8243; overlay_alpha=&#8221;50&#8243; shift_x=&#8221;0&#8243; shift_y=&#8221;0&#8243; shift_y_down=&#8221;0&#8243; z_index=&#8221;0&#8243; medium_width=&#8221;0&#8243; mobile_width=&#8221;0&#8243; [&hellip;]<\/p>\n","protected":false},"author":1,"featured_media":4486,"parent":0,"menu_order":213,"comment_status":"closed","ping_status":"closed","template":"","meta":{"footnotes":""},"portfolio_category":[159],"class_list":["post-3004","portfolio","type-portfolio","status-publish","has-post-thumbnail","hentry","portfolio_category-parks"],"yoast_head":"<!-- This site is optimized with the Yoast SEO plugin v27.4 - https:\/\/yoast.com\/product\/yoast-seo-wordpress\/ -->\n<title>Villa Rustica | Blankenheim - GTL Landschaftsarchitektur Triebswetter, Mauer, Bruns Partner mbB<\/title>\n<meta name=\"robots\" content=\"index, follow, max-snippet:-1, max-image-preview:large, max-video-preview:-1\" \/>\n<link rel=\"canonical\" href=\"https:\/\/gtl-landschaftsarchitektur.de\/en\/projekt\/villa-rustica-blankenheim\/\" \/>\n<meta property=\"og:locale\" content=\"en_US\" \/>\n<meta property=\"og:type\" content=\"article\" \/>\n<meta property=\"og:title\" content=\"Villa Rustica | Blankenheim - GTL Landschaftsarchitektur Triebswetter, Mauer, Bruns Partner mbB\" \/>\n<meta property=\"og:description\" content=\"[vc_row row_height_percent=&#8221;0&#8243; override_padding=&#8221;yes&#8221; h_padding=&#8221;0&#8243; top_padding=&#8221;0&#8243; bottom_padding=&#8221;2&#8243; overlay_alpha=&#8221;50&#8243; gutter_size=&#8221;3&#8243; column_width_percent=&#8221;100&#8243; shift_y=&#8221;0&#8243; z_index=&#8221;0&#8243;][vc_column column_width_percent=&#8221;100&#8243; gutter_size=&#8221;3&#8243; overlay_alpha=&#8221;50&#8243; shift_x=&#8221;0&#8243; shift_y=&#8221;0&#8243; shift_y_down=&#8221;0&#8243; z_index=&#8221;0&#8243; medium_width=&#8221;0&#8243; mobile_width=&#8221;0&#8243; [&hellip;]\" \/>\n<meta property=\"og:url\" content=\"https:\/\/gtl-landschaftsarchitektur.de\/en\/projekt\/villa-rustica-blankenheim\/\" \/>\n<meta property=\"og:site_name\" content=\"GTL Landschaftsarchitektur Triebswetter, Mauer, Bruns Partner mbB\" \/>\n<meta property=\"article:modified_time\" content=\"2024-10-16T08:27:31+00:00\" \/>\n<meta property=\"og:image\" content=\"https:\/\/gtl-landschaftsarchitektur.de\/wp-content\/uploads\/2018\/04\/DSC0523_Mingge.jpg\" \/>\n\t<meta property=\"og:image:width\" content=\"1701\" \/>\n\t<meta property=\"og:image:height\" content=\"1228\" \/>\n\t<meta property=\"og:image:type\" content=\"image\/jpeg\" \/>\n<meta name=\"twitter:card\" content=\"summary_large_image\" \/>\n<meta name=\"twitter:label1\" content=\"Est. reading time\" \/>\n\t<meta name=\"twitter:data1\" content=\"2 minutes\" \/>\n<script type=\"application\/ld+json\" class=\"yoast-schema-graph\">{\"@context\":\"https:\\\/\\\/schema.org\",\"@graph\":[{\"@type\":\"WebPage\",\"@id\":\"https:\\\/\\\/gtl-landschaftsarchitektur.de\\\/en\\\/projekt\\\/villa-rustica-blankenheim\\\/\",\"url\":\"https:\\\/\\\/gtl-landschaftsarchitektur.de\\\/en\\\/projekt\\\/villa-rustica-blankenheim\\\/\",\"name\":\"Villa Rustica | Blankenheim - GTL Landschaftsarchitektur Triebswetter, Mauer, Bruns Partner mbB\",\"isPartOf\":{\"@id\":\"https:\\\/\\\/gtl-landschaftsarchitektur.de\\\/#website\"},\"primaryImageOfPage\":{\"@id\":\"https:\\\/\\\/gtl-landschaftsarchitektur.de\\\/en\\\/projekt\\\/villa-rustica-blankenheim\\\/#primaryimage\"},\"image\":{\"@id\":\"https:\\\/\\\/gtl-landschaftsarchitektur.de\\\/en\\\/projekt\\\/villa-rustica-blankenheim\\\/#primaryimage\"},\"thumbnailUrl\":\"https:\\\/\\\/gtl-landschaftsarchitektur.de\\\/wp-content\\\/uploads\\\/2018\\\/04\\\/DSC0523_Mingge.jpg\",\"datePublished\":\"2014-06-28T12:37:07+00:00\",\"dateModified\":\"2024-10-16T08:27:31+00:00\",\"breadcrumb\":{\"@id\":\"https:\\\/\\\/gtl-landschaftsarchitektur.de\\\/en\\\/projekt\\\/villa-rustica-blankenheim\\\/#breadcrumb\"},\"inLanguage\":\"en-US\",\"potentialAction\":[{\"@type\":\"ReadAction\",\"target\":[\"https:\\\/\\\/gtl-landschaftsarchitektur.de\\\/en\\\/projekt\\\/villa-rustica-blankenheim\\\/\"]}]},{\"@type\":\"ImageObject\",\"inLanguage\":\"en-US\",\"@id\":\"https:\\\/\\\/gtl-landschaftsarchitektur.de\\\/en\\\/projekt\\\/villa-rustica-blankenheim\\\/#primaryimage\",\"url\":\"https:\\\/\\\/gtl-landschaftsarchitektur.de\\\/wp-content\\\/uploads\\\/2018\\\/04\\\/DSC0523_Mingge.jpg\",\"contentUrl\":\"https:\\\/\\\/gtl-landschaftsarchitektur.de\\\/wp-content\\\/uploads\\\/2018\\\/04\\\/DSC0523_Mingge.jpg\",\"width\":1701,\"height\":1228,\"caption\":\"\u00a9 GTL\"},{\"@type\":\"BreadcrumbList\",\"@id\":\"https:\\\/\\\/gtl-landschaftsarchitektur.de\\\/en\\\/projekt\\\/villa-rustica-blankenheim\\\/#breadcrumb\",\"itemListElement\":[{\"@type\":\"ListItem\",\"position\":1,\"name\":\"Startseite\",\"item\":\"https:\\\/\\\/gtl-landschaftsarchitektur.de\\\/en\\\/\"},{\"@type\":\"ListItem\",\"position\":2,\"name\":\"Projekt\",\"item\":\"https:\\\/\\\/gtl-landschaftsarchitektur.de\\\/en\\\/projekt\\\/\"},{\"@type\":\"ListItem\",\"position\":3,\"name\":\"Villa Rustica | Blankenheim\"}]},{\"@type\":\"WebSite\",\"@id\":\"https:\\\/\\\/gtl-landschaftsarchitektur.de\\\/#website\",\"url\":\"https:\\\/\\\/gtl-landschaftsarchitektur.de\\\/\",\"name\":\"GTL-Michael Triebswetter\",\"description\":\"St\u00e4dtebauliche Planung, repr\u00e4sentative Au\u00dfenanlagen an Verwaltungsbauten, Wohnumfeldverbesserung in Gro\u00dfsiedlungen, Gestaltung von innerst\u00e4dtischen Projekten\",\"publisher\":{\"@id\":\"https:\\\/\\\/gtl-landschaftsarchitektur.de\\\/#organization\"},\"potentialAction\":[{\"@type\":\"SearchAction\",\"target\":{\"@type\":\"EntryPoint\",\"urlTemplate\":\"https:\\\/\\\/gtl-landschaftsarchitektur.de\\\/?s={search_term_string}\"},\"query-input\":{\"@type\":\"PropertyValueSpecification\",\"valueRequired\":true,\"valueName\":\"search_term_string\"}}],\"inLanguage\":\"en-US\"},{\"@type\":\"Organization\",\"@id\":\"https:\\\/\\\/gtl-landschaftsarchitektur.de\\\/#organization\",\"name\":\"Gtl Landschaftsarchitektur\",\"url\":\"https:\\\/\\\/gtl-landschaftsarchitektur.de\\\/\",\"logo\":{\"@type\":\"ImageObject\",\"inLanguage\":\"en-US\",\"@id\":\"https:\\\/\\\/gtl-landschaftsarchitektur.de\\\/#\\\/schema\\\/logo\\\/image\\\/\",\"url\":\"https:\\\/\\\/gtl-landschaftsarchitektur.de\\\/wp-content\\\/uploads\\\/2017\\\/09\\\/logo-gtl.png\",\"contentUrl\":\"https:\\\/\\\/gtl-landschaftsarchitektur.de\\\/wp-content\\\/uploads\\\/2017\\\/09\\\/logo-gtl.png\",\"width\":185,\"height\":119,\"caption\":\"Gtl Landschaftsarchitektur\"},\"image\":{\"@id\":\"https:\\\/\\\/gtl-landschaftsarchitektur.de\\\/#\\\/schema\\\/logo\\\/image\\\/\"}}]}<\/script>\n<!-- \/ Yoast SEO plugin. -->","yoast_head_json":{"title":"Villa Rustica | Blankenheim - GTL Landschaftsarchitektur Triebswetter, Mauer, Bruns Partner mbB","robots":{"index":"index","follow":"follow","max-snippet":"max-snippet:-1","max-image-preview":"max-image-preview:large","max-video-preview":"max-video-preview:-1"},"canonical":"https:\/\/gtl-landschaftsarchitektur.de\/en\/projekt\/villa-rustica-blankenheim\/","og_locale":"en_US","og_type":"article","og_title":"Villa Rustica | Blankenheim - GTL Landschaftsarchitektur Triebswetter, Mauer, Bruns Partner mbB","og_description":"[vc_row row_height_percent=&#8221;0&#8243; override_padding=&#8221;yes&#8221; h_padding=&#8221;0&#8243; top_padding=&#8221;0&#8243; bottom_padding=&#8221;2&#8243; overlay_alpha=&#8221;50&#8243; gutter_size=&#8221;3&#8243; column_width_percent=&#8221;100&#8243; shift_y=&#8221;0&#8243; z_index=&#8221;0&#8243;][vc_column column_width_percent=&#8221;100&#8243; gutter_size=&#8221;3&#8243; overlay_alpha=&#8221;50&#8243; shift_x=&#8221;0&#8243; shift_y=&#8221;0&#8243; shift_y_down=&#8221;0&#8243; z_index=&#8221;0&#8243; medium_width=&#8221;0&#8243; mobile_width=&#8221;0&#8243; [&hellip;]","og_url":"https:\/\/gtl-landschaftsarchitektur.de\/en\/projekt\/villa-rustica-blankenheim\/","og_site_name":"GTL Landschaftsarchitektur Triebswetter, Mauer, Bruns Partner mbB","article_modified_time":"2024-10-16T08:27:31+00:00","og_image":[{"width":1701,"height":1228,"url":"https:\/\/gtl-landschaftsarchitektur.de\/wp-content\/uploads\/2018\/04\/DSC0523_Mingge.jpg","type":"image\/jpeg"}],"twitter_card":"summary_large_image","twitter_misc":{"Est. reading time":"2 minutes"},"schema":{"@context":"https:\/\/schema.org","@graph":[{"@type":"WebPage","@id":"https:\/\/gtl-landschaftsarchitektur.de\/en\/projekt\/villa-rustica-blankenheim\/","url":"https:\/\/gtl-landschaftsarchitektur.de\/en\/projekt\/villa-rustica-blankenheim\/","name":"Villa Rustica | Blankenheim - GTL Landschaftsarchitektur Triebswetter, Mauer, Bruns Partner mbB","isPartOf":{"@id":"https:\/\/gtl-landschaftsarchitektur.de\/#website"},"primaryImageOfPage":{"@id":"https:\/\/gtl-landschaftsarchitektur.de\/en\/projekt\/villa-rustica-blankenheim\/#primaryimage"},"image":{"@id":"https:\/\/gtl-landschaftsarchitektur.de\/en\/projekt\/villa-rustica-blankenheim\/#primaryimage"},"thumbnailUrl":"https:\/\/gtl-landschaftsarchitektur.de\/wp-content\/uploads\/2018\/04\/DSC0523_Mingge.jpg","datePublished":"2014-06-28T12:37:07+00:00","dateModified":"2024-10-16T08:27:31+00:00","breadcrumb":{"@id":"https:\/\/gtl-landschaftsarchitektur.de\/en\/projekt\/villa-rustica-blankenheim\/#breadcrumb"},"inLanguage":"en-US","potentialAction":[{"@type":"ReadAction","target":["https:\/\/gtl-landschaftsarchitektur.de\/en\/projekt\/villa-rustica-blankenheim\/"]}]},{"@type":"ImageObject","inLanguage":"en-US","@id":"https:\/\/gtl-landschaftsarchitektur.de\/en\/projekt\/villa-rustica-blankenheim\/#primaryimage","url":"https:\/\/gtl-landschaftsarchitektur.de\/wp-content\/uploads\/2018\/04\/DSC0523_Mingge.jpg","contentUrl":"https:\/\/gtl-landschaftsarchitektur.de\/wp-content\/uploads\/2018\/04\/DSC0523_Mingge.jpg","width":1701,"height":1228,"caption":"\u00a9 GTL"},{"@type":"BreadcrumbList","@id":"https:\/\/gtl-landschaftsarchitektur.de\/en\/projekt\/villa-rustica-blankenheim\/#breadcrumb","itemListElement":[{"@type":"ListItem","position":1,"name":"Startseite","item":"https:\/\/gtl-landschaftsarchitektur.de\/en\/"},{"@type":"ListItem","position":2,"name":"Projekt","item":"https:\/\/gtl-landschaftsarchitektur.de\/en\/projekt\/"},{"@type":"ListItem","position":3,"name":"Villa Rustica | Blankenheim"}]},{"@type":"WebSite","@id":"https:\/\/gtl-landschaftsarchitektur.de\/#website","url":"https:\/\/gtl-landschaftsarchitektur.de\/","name":"GTL-Michael Triebswetter","description":"St\u00e4dtebauliche Planung, repr\u00e4sentative Au\u00dfenanlagen an Verwaltungsbauten, Wohnumfeldverbesserung in Gro\u00dfsiedlungen, Gestaltung von innerst\u00e4dtischen Projekten","publisher":{"@id":"https:\/\/gtl-landschaftsarchitektur.de\/#organization"},"potentialAction":[{"@type":"SearchAction","target":{"@type":"EntryPoint","urlTemplate":"https:\/\/gtl-landschaftsarchitektur.de\/?s={search_term_string}"},"query-input":{"@type":"PropertyValueSpecification","valueRequired":true,"valueName":"search_term_string"}}],"inLanguage":"en-US"},{"@type":"Organization","@id":"https:\/\/gtl-landschaftsarchitektur.de\/#organization","name":"Gtl Landschaftsarchitektur","url":"https:\/\/gtl-landschaftsarchitektur.de\/","logo":{"@type":"ImageObject","inLanguage":"en-US","@id":"https:\/\/gtl-landschaftsarchitektur.de\/#\/schema\/logo\/image\/","url":"https:\/\/gtl-landschaftsarchitektur.de\/wp-content\/uploads\/2017\/09\/logo-gtl.png","contentUrl":"https:\/\/gtl-landschaftsarchitektur.de\/wp-content\/uploads\/2017\/09\/logo-gtl.png","width":185,"height":119,"caption":"Gtl Landschaftsarchitektur"},"image":{"@id":"https:\/\/gtl-landschaftsarchitektur.de\/#\/schema\/logo\/image\/"}}]}},"_links":{"self":[{"href":"https:\/\/gtl-landschaftsarchitektur.de\/en\/wp-json\/wp\/v2\/portfolio\/3004","targetHints":{"allow":["GET"]}}],"collection":[{"href":"https:\/\/gtl-landschaftsarchitektur.de\/en\/wp-json\/wp\/v2\/portfolio"}],"about":[{"href":"https:\/\/gtl-landschaftsarchitektur.de\/en\/wp-json\/wp\/v2\/types\/portfolio"}],"author":[{"embeddable":true,"href":"https:\/\/gtl-landschaftsarchitektur.de\/en\/wp-json\/wp\/v2\/users\/1"}],"replies":[{"embeddable":true,"href":"https:\/\/gtl-landschaftsarchitektur.de\/en\/wp-json\/wp\/v2\/comments?post=3004"}],"version-history":[{"count":2,"href":"https:\/\/gtl-landschaftsarchitektur.de\/en\/wp-json\/wp\/v2\/portfolio\/3004\/revisions"}],"predecessor-version":[{"id":13612,"href":"https:\/\/gtl-landschaftsarchitektur.de\/en\/wp-json\/wp\/v2\/portfolio\/3004\/revisions\/13612"}],"wp:featuredmedia":[{"embeddable":true,"href":"https:\/\/gtl-landschaftsarchitektur.de\/en\/wp-json\/wp\/v2\/media\/4486"}],"wp:attachment":[{"href":"https:\/\/gtl-landschaftsarchitektur.de\/en\/wp-json\/wp\/v2\/media?parent=3004"}],"wp:term":[{"taxonomy":"portfolio_category","embeddable":true,"href":"https:\/\/gtl-landschaftsarchitektur.de\/en\/wp-json\/wp\/v2\/portfolio_category?post=3004"}],"curies":[{"name":"wp","href":"https:\/\/api.w.org\/{rel}","templated":true}]}}