{"id":12701,"date":"2024-08-09T11:04:13","date_gmt":"2024-08-09T09:04:13","guid":{"rendered":"https:\/\/gtl-landschaftsarchitektur.de\/?post_type=portfolio&#038;p=12701"},"modified":"2024-08-09T11:08:25","modified_gmt":"2024-08-09T09:08:25","slug":"climate-friendly-forum-salzgitter","status":"publish","type":"portfolio","link":"https:\/\/gtl-landschaftsarchitektur.de\/en\/projekt\/climate-friendly-forum-salzgitter\/","title":{"rendered":"Climate-friendly forum | Salzgitter"},"content":{"rendered":"<div class=\"wpb-content-wrapper\"><p>[vc_row row_height_percent=&#8221;0&#8243; override_padding=&#8221;yes&#8221; h_padding=&#8221;0&#8243; top_padding=&#8221;0&#8243; bottom_padding=&#8221;2&#8243; overlay_alpha=&#8221;50&#8243; gutter_size=&#8221;4&#8243; column_width_percent=&#8221;100&#8243; shift_y=&#8221;0&#8243; z_index=&#8221;0&#8243;][vc_column column_width_percent=&#8221;100&#8243; gutter_size=&#8221;3&#8243; overlay_alpha=&#8221;50&#8243; shift_x=&#8221;0&#8243; shift_y=&#8221;0&#8243; shift_y_down=&#8221;0&#8243; z_index=&#8221;0&#8243; medium_width=&#8221;7&#8243; mobile_width=&#8221;0&#8243; css_animation=&#8221;alpha-anim&#8221; animation_speed=&#8221;1000&#8243; animation_delay=&#8221;200&#8243; width=&#8221;2\/3&#8243;][vc_single_image media=&#8221;12721&#8243; media_width_percent=&#8221;100&#8243; advanced=&#8221;yes&#8221; media_items=&#8221;media|original,caption&#8221; media_overlay_opacity=&#8221;50&#8243; media_overlay_anim=&#8221;no&#8221; media_text_visible=&#8221;yes&#8221; media_text_anim=&#8221;no&#8221; media_image_anim=&#8221;no&#8221; media_v_position=&#8221;bottom&#8221; media_padding=&#8221;1&#8243; uncode_shortcode_id=&#8221;135662&#8243;][\/vc_column][vc_column column_width_percent=&#8221;100&#8243; position_vertical=&#8221;middle&#8221; gutter_size=&#8221;3&#8243; overlay_alpha=&#8221;50&#8243; shift_x=&#8221;0&#8243; shift_y=&#8221;0&#8243; shift_y_down=&#8221;0&#8243; z_index=&#8221;0&#8243; medium_width=&#8221;7&#8243; mobile_width=&#8221;0&#8243; css_animation=&#8221;right-t-left&#8221; animation_speed=&#8221;1000&#8243; animation_delay=&#8221;300&#8243; width=&#8221;1\/3&#8243;][vc_column_text el_class=&#8221;text-abstand&#8221; uncode_shortcode_id=&#8221;186054&#8243;]<\/p>\n<h1>Climate-friendly forum<\/h1>\n<h4>Salzgitter<\/h4>\n<p><strong>Client: <\/strong>City of Salzgitter<br \/>\n<strong>Cost:<\/strong> 590.000 Euro<br \/>\n<strong>Area: <\/strong>2.000 sqm Bad, 600 sqm Lebensstedt<br \/>\n<strong>Service phases:<\/strong> Lph 1 &#8211; 9<br \/>\n<strong>Duration: <\/strong>2022 &#8211; 2023[\/vc_column_text][\/vc_column][\/vc_row][vc_row row_height_percent=&#8221;0&#8243; override_padding=&#8221;yes&#8221; h_padding=&#8221;0&#8243; top_padding=&#8221;2&#8243; bottom_padding=&#8221;3&#8243; overlay_alpha=&#8221;50&#8243; gutter_size=&#8221;3&#8243; column_width_percent=&#8221;100&#8243; shift_y=&#8221;0&#8243; z_index=&#8221;0&#8243;][vc_column column_width_percent=&#8221;100&#8243; position_vertical=&#8221;middle&#8221; gutter_size=&#8221;3&#8243; overlay_alpha=&#8221;50&#8243; shift_x=&#8221;0&#8243; shift_y=&#8221;0&#8243; shift_y_down=&#8221;0&#8243; z_index=&#8221;0&#8243; medium_width=&#8221;0&#8243; mobile_width=&#8221;0&#8243; css_animation=&#8221;bottom-t-top&#8221; animation_speed=&#8221;1000&#8243; animation_delay=&#8221;600&#8243; width=&#8221;1\/3&#8243;][vc_column_text el_class=&#8221;text-abstand&#8221; uncode_shortcode_id=&#8221;299730&#8243;]The &#8220;Small Climate-Friendly Forum&#8221; was implemented in the centres of Salzgitter-Bad and Salzgitter-Lebenstedt and thus adapted to the current challenges posed by climate change.<\/p>\n<p>On a total area of 2,600 square metres, dying trees were replaced by new climate-resilient trees, fogging technology was installed to lower the ambient temperature and drinking water fountains were installed for refreshment in the hot summer months. Another special feature is the innovative solar benches, where you can charge your smartphone or use Wi-Fi. Planting areas and the round benches (flowerbed borders with seats) have been renovated and planted with insect-friendly perennials. The equipment (rubbish bins, bicycle stands, lighting, benches with arms and backrests) has been replaced.<\/p>\n<p>This has created small, green oases to linger in, making the town centres of Lebenstedt and Bad more attractive and ensuring a better carbon footprint in the centres.<\/p>\n<p>These objectives are being pursued through the measures:<\/p>\n<p>&#8211; Climate protection through unsealing and planting resilient tree species<\/p>\n<p>&#8211; Improvement of the urban climate<\/p>\n<p>&#8211; Improving the quality of stay<\/p>\n<p>&#8211; Creation of meeting places<\/p>\n<p>The measure is part of the EU funding programme &#8220;Perspektive Innenstadt!&#8221; to combat the economic consequences of the Covid-19 pandemic and revitalise city centres.<\/p>\n<p><a href=\"https:\/\/gtl-landschaftsarchitektur.de\/wp-content\/uploads\/2024\/08\/2023_Forum-Salzgitter.pdf\">Download Data sheet | PDF<\/a>[\/vc_column_text][\/vc_column][vc_column column_width_percent=&#8221;100&#8243; gutter_size=&#8221;3&#8243; overlay_alpha=&#8221;50&#8243; shift_x=&#8221;0&#8243; shift_y=&#8221;0&#8243; shift_y_down=&#8221;0&#8243; z_index=&#8221;0&#8243; medium_width=&#8221;0&#8243; mobile_width=&#8221;0&#8243; css_animation=&#8221;bottom-t-top&#8221; animation_speed=&#8221;1000&#8243; animation_delay=&#8221;500&#8243; width=&#8221;2\/3&#8243;][vc_gallery el_id=&#8221;gallery-191&#8243; type=&#8221;carousel&#8221; medias=&#8221;12713,12709,12707,12705,12703&#8243; carousel_lg=&#8221;1&#8243; carousel_md=&#8221;1&#8243; carousel_sm=&#8221;1&#8243; gutter_size=&#8221;3&#8243; inner_padding=&#8221;yes&#8221; media_items=&#8221;media|lightbox|original,caption&#8221; carousel_type=&#8221;fade&#8221; carousel_interval=&#8221;3000&#8243; carousel_navspeed=&#8221;400&#8243; carousel_dots=&#8221;yes&#8221; stage_padding=&#8221;0&#8243; single_overlay_opacity=&#8221;50&#8243; single_overlay_anim=&#8221;no&#8221; single_text_visible=&#8221;yes&#8221; single_text_anim=&#8221;no&#8221; single_image_anim=&#8221;no&#8221; single_v_position=&#8221;bottom&#8221; single_padding=&#8221;2&#8243; uncode_shortcode_id=&#8221;164537&#8243;][\/vc_column][\/vc_row][vc_row][vc_column width=&#8221;1\/1&#8243;][vc_gallery el_id=&#8221;gallery-193&#8243; type=&#8221;carousel&#8221; medias=&#8221;12719,12711,12717,12715&#8243; carousel_lg=&#8221;1&#8243; carousel_md=&#8221;1&#8243; carousel_sm=&#8221;1&#8243; gutter_size=&#8221;3&#8243; inner_padding=&#8221;yes&#8221; media_items=&#8221;media|lightbox|original,caption&#8221; carousel_type=&#8221;fade&#8221; carousel_interval=&#8221;3000&#8243; carousel_navspeed=&#8221;400&#8243; carousel_dots=&#8221;yes&#8221; stage_padding=&#8221;0&#8243; single_overlay_opacity=&#8221;50&#8243; single_overlay_anim=&#8221;no&#8221; single_text_visible=&#8221;yes&#8221; single_text_anim=&#8221;no&#8221; single_image_anim=&#8221;no&#8221; single_v_position=&#8221;bottom&#8221; single_padding=&#8221;2&#8243; uncode_shortcode_id=&#8221;137829&#8243;][\/vc_column][\/vc_row]<\/p>\n<\/div>","protected":false},"excerpt":{"rendered":"<p>[vc_row row_height_percent=&#8221;0&#8243; override_padding=&#8221;yes&#8221; h_padding=&#8221;0&#8243; top_padding=&#8221;0&#8243; bottom_padding=&#8221;2&#8243; overlay_alpha=&#8221;50&#8243; gutter_size=&#8221;4&#8243; column_width_percent=&#8221;100&#8243; shift_y=&#8221;0&#8243; z_index=&#8221;0&#8243;][vc_column column_width_percent=&#8221;100&#8243; gutter_size=&#8221;3&#8243; overlay_alpha=&#8221;50&#8243; shift_x=&#8221;0&#8243; shift_y=&#8221;0&#8243; shift_y_down=&#8221;0&#8243; z_index=&#8221;0&#8243; medium_width=&#8221;7&#8243; mobile_width=&#8221;0&#8243; [&hellip;]<\/p>\n","protected":false},"author":5,"featured_media":12722,"parent":0,"menu_order":122,"comment_status":"closed","ping_status":"closed","template":"","meta":{"footnotes":""},"portfolio_category":[11],"class_list":["post-12701","portfolio","type-portfolio","status-publish","has-post-thumbnail","hentry","portfolio_category-public-space"],"yoast_head":"<!-- This site is optimized with the Yoast SEO plugin v27.4 - https:\/\/yoast.com\/product\/yoast-seo-wordpress\/ -->\n<title>Climate-friendly forum | Salzgitter - GTL Landschaftsarchitektur Triebswetter, Mauer, Bruns Partner mbB<\/title>\n<meta name=\"robots\" content=\"index, follow, max-snippet:-1, max-image-preview:large, max-video-preview:-1\" \/>\n<link rel=\"canonical\" href=\"https:\/\/gtl-landschaftsarchitektur.de\/en\/projekt\/climate-friendly-forum-salzgitter\/\" \/>\n<meta property=\"og:locale\" content=\"en_US\" \/>\n<meta property=\"og:type\" content=\"article\" \/>\n<meta property=\"og:title\" content=\"Climate-friendly forum | Salzgitter - GTL Landschaftsarchitektur Triebswetter, Mauer, Bruns Partner mbB\" \/>\n<meta property=\"og:description\" content=\"[vc_row row_height_percent=&#8221;0&#8243; override_padding=&#8221;yes&#8221; h_padding=&#8221;0&#8243; top_padding=&#8221;0&#8243; bottom_padding=&#8221;2&#8243; overlay_alpha=&#8221;50&#8243; gutter_size=&#8221;4&#8243; column_width_percent=&#8221;100&#8243; shift_y=&#8221;0&#8243; z_index=&#8221;0&#8243;][vc_column column_width_percent=&#8221;100&#8243; gutter_size=&#8221;3&#8243; overlay_alpha=&#8221;50&#8243; shift_x=&#8221;0&#8243; shift_y=&#8221;0&#8243; shift_y_down=&#8221;0&#8243; z_index=&#8221;0&#8243; medium_width=&#8221;7&#8243; mobile_width=&#8221;0&#8243; [&hellip;]\" \/>\n<meta property=\"og:url\" content=\"https:\/\/gtl-landschaftsarchitektur.de\/en\/projekt\/climate-friendly-forum-salzgitter\/\" \/>\n<meta property=\"og:site_name\" content=\"GTL Landschaftsarchitektur Triebswetter, Mauer, Bruns Partner mbB\" \/>\n<meta property=\"article:modified_time\" content=\"2024-08-09T09:08:25+00:00\" \/>\n<meta property=\"og:image\" content=\"https:\/\/gtl-landschaftsarchitektur.de\/wp-content\/uploads\/2024\/08\/20240429-signal-2023-09-28-19-50-13-385-1-773x1030.jpg\" \/>\n\t<meta property=\"og:image:width\" content=\"773\" \/>\n\t<meta property=\"og:image:height\" content=\"1030\" \/>\n\t<meta property=\"og:image:type\" content=\"image\/jpeg\" \/>\n<meta name=\"twitter:card\" content=\"summary_large_image\" \/>\n<meta name=\"twitter:label1\" content=\"Est. reading time\" \/>\n\t<meta name=\"twitter:data1\" content=\"3 minutes\" \/>\n<script type=\"application\/ld+json\" class=\"yoast-schema-graph\">{\"@context\":\"https:\\\/\\\/schema.org\",\"@graph\":[{\"@type\":\"WebPage\",\"@id\":\"https:\\\/\\\/gtl-landschaftsarchitektur.de\\\/en\\\/projekt\\\/climate-friendly-forum-salzgitter\\\/\",\"url\":\"https:\\\/\\\/gtl-landschaftsarchitektur.de\\\/en\\\/projekt\\\/climate-friendly-forum-salzgitter\\\/\",\"name\":\"Climate-friendly forum | Salzgitter - GTL Landschaftsarchitektur Triebswetter, Mauer, Bruns Partner mbB\",\"isPartOf\":{\"@id\":\"https:\\\/\\\/gtl-landschaftsarchitektur.de\\\/#website\"},\"primaryImageOfPage\":{\"@id\":\"https:\\\/\\\/gtl-landschaftsarchitektur.de\\\/en\\\/projekt\\\/climate-friendly-forum-salzgitter\\\/#primaryimage\"},\"image\":{\"@id\":\"https:\\\/\\\/gtl-landschaftsarchitektur.de\\\/en\\\/projekt\\\/climate-friendly-forum-salzgitter\\\/#primaryimage\"},\"thumbnailUrl\":\"https:\\\/\\\/gtl-landschaftsarchitektur.de\\\/wp-content\\\/uploads\\\/2024\\\/08\\\/20240429-signal-2023-09-28-19-50-13-385-1.jpg\",\"datePublished\":\"2024-08-09T09:04:13+00:00\",\"dateModified\":\"2024-08-09T09:08:25+00:00\",\"breadcrumb\":{\"@id\":\"https:\\\/\\\/gtl-landschaftsarchitektur.de\\\/en\\\/projekt\\\/climate-friendly-forum-salzgitter\\\/#breadcrumb\"},\"inLanguage\":\"en-US\",\"potentialAction\":[{\"@type\":\"ReadAction\",\"target\":[\"https:\\\/\\\/gtl-landschaftsarchitektur.de\\\/en\\\/projekt\\\/climate-friendly-forum-salzgitter\\\/\"]}]},{\"@type\":\"ImageObject\",\"inLanguage\":\"en-US\",\"@id\":\"https:\\\/\\\/gtl-landschaftsarchitektur.de\\\/en\\\/projekt\\\/climate-friendly-forum-salzgitter\\\/#primaryimage\",\"url\":\"https:\\\/\\\/gtl-landschaftsarchitektur.de\\\/wp-content\\\/uploads\\\/2024\\\/08\\\/20240429-signal-2023-09-28-19-50-13-385-1.jpg\",\"contentUrl\":\"https:\\\/\\\/gtl-landschaftsarchitektur.de\\\/wp-content\\\/uploads\\\/2024\\\/08\\\/20240429-signal-2023-09-28-19-50-13-385-1.jpg\",\"width\":1500,\"height\":2000,\"caption\":\"\u00a9GTL\"},{\"@type\":\"BreadcrumbList\",\"@id\":\"https:\\\/\\\/gtl-landschaftsarchitektur.de\\\/en\\\/projekt\\\/climate-friendly-forum-salzgitter\\\/#breadcrumb\",\"itemListElement\":[{\"@type\":\"ListItem\",\"position\":1,\"name\":\"Startseite\",\"item\":\"https:\\\/\\\/gtl-landschaftsarchitektur.de\\\/en\\\/\"},{\"@type\":\"ListItem\",\"position\":2,\"name\":\"Projekt\",\"item\":\"https:\\\/\\\/gtl-landschaftsarchitektur.de\\\/en\\\/projekt\\\/\"},{\"@type\":\"ListItem\",\"position\":3,\"name\":\"Climate-friendly forum | Salzgitter\"}]},{\"@type\":\"WebSite\",\"@id\":\"https:\\\/\\\/gtl-landschaftsarchitektur.de\\\/#website\",\"url\":\"https:\\\/\\\/gtl-landschaftsarchitektur.de\\\/\",\"name\":\"GTL-Michael Triebswetter\",\"description\":\"St\u00e4dtebauliche Planung, repr\u00e4sentative Au\u00dfenanlagen an Verwaltungsbauten, Wohnumfeldverbesserung in Gro\u00dfsiedlungen, Gestaltung von innerst\u00e4dtischen Projekten\",\"publisher\":{\"@id\":\"https:\\\/\\\/gtl-landschaftsarchitektur.de\\\/#organization\"},\"potentialAction\":[{\"@type\":\"SearchAction\",\"target\":{\"@type\":\"EntryPoint\",\"urlTemplate\":\"https:\\\/\\\/gtl-landschaftsarchitektur.de\\\/?s={search_term_string}\"},\"query-input\":{\"@type\":\"PropertyValueSpecification\",\"valueRequired\":true,\"valueName\":\"search_term_string\"}}],\"inLanguage\":\"en-US\"},{\"@type\":\"Organization\",\"@id\":\"https:\\\/\\\/gtl-landschaftsarchitektur.de\\\/#organization\",\"name\":\"Gtl Landschaftsarchitektur\",\"url\":\"https:\\\/\\\/gtl-landschaftsarchitektur.de\\\/\",\"logo\":{\"@type\":\"ImageObject\",\"inLanguage\":\"en-US\",\"@id\":\"https:\\\/\\\/gtl-landschaftsarchitektur.de\\\/#\\\/schema\\\/logo\\\/image\\\/\",\"url\":\"https:\\\/\\\/gtl-landschaftsarchitektur.de\\\/wp-content\\\/uploads\\\/2017\\\/09\\\/logo-gtl.png\",\"contentUrl\":\"https:\\\/\\\/gtl-landschaftsarchitektur.de\\\/wp-content\\\/uploads\\\/2017\\\/09\\\/logo-gtl.png\",\"width\":185,\"height\":119,\"caption\":\"Gtl Landschaftsarchitektur\"},\"image\":{\"@id\":\"https:\\\/\\\/gtl-landschaftsarchitektur.de\\\/#\\\/schema\\\/logo\\\/image\\\/\"}}]}<\/script>\n<!-- \/ Yoast SEO plugin. -->","yoast_head_json":{"title":"Climate-friendly forum | Salzgitter - GTL Landschaftsarchitektur Triebswetter, Mauer, Bruns Partner mbB","robots":{"index":"index","follow":"follow","max-snippet":"max-snippet:-1","max-image-preview":"max-image-preview:large","max-video-preview":"max-video-preview:-1"},"canonical":"https:\/\/gtl-landschaftsarchitektur.de\/en\/projekt\/climate-friendly-forum-salzgitter\/","og_locale":"en_US","og_type":"article","og_title":"Climate-friendly forum | Salzgitter - GTL Landschaftsarchitektur Triebswetter, Mauer, Bruns Partner mbB","og_description":"[vc_row row_height_percent=&#8221;0&#8243; override_padding=&#8221;yes&#8221; h_padding=&#8221;0&#8243; top_padding=&#8221;0&#8243; bottom_padding=&#8221;2&#8243; overlay_alpha=&#8221;50&#8243; gutter_size=&#8221;4&#8243; column_width_percent=&#8221;100&#8243; shift_y=&#8221;0&#8243; z_index=&#8221;0&#8243;][vc_column column_width_percent=&#8221;100&#8243; gutter_size=&#8221;3&#8243; overlay_alpha=&#8221;50&#8243; shift_x=&#8221;0&#8243; shift_y=&#8221;0&#8243; shift_y_down=&#8221;0&#8243; z_index=&#8221;0&#8243; medium_width=&#8221;7&#8243; mobile_width=&#8221;0&#8243; [&hellip;]","og_url":"https:\/\/gtl-landschaftsarchitektur.de\/en\/projekt\/climate-friendly-forum-salzgitter\/","og_site_name":"GTL Landschaftsarchitektur Triebswetter, Mauer, Bruns Partner mbB","article_modified_time":"2024-08-09T09:08:25+00:00","og_image":[{"width":773,"height":1030,"url":"https:\/\/gtl-landschaftsarchitektur.de\/wp-content\/uploads\/2024\/08\/20240429-signal-2023-09-28-19-50-13-385-1-773x1030.jpg","type":"image\/jpeg"}],"twitter_card":"summary_large_image","twitter_misc":{"Est. reading time":"3 minutes"},"schema":{"@context":"https:\/\/schema.org","@graph":[{"@type":"WebPage","@id":"https:\/\/gtl-landschaftsarchitektur.de\/en\/projekt\/climate-friendly-forum-salzgitter\/","url":"https:\/\/gtl-landschaftsarchitektur.de\/en\/projekt\/climate-friendly-forum-salzgitter\/","name":"Climate-friendly forum | Salzgitter - GTL Landschaftsarchitektur Triebswetter, Mauer, Bruns Partner mbB","isPartOf":{"@id":"https:\/\/gtl-landschaftsarchitektur.de\/#website"},"primaryImageOfPage":{"@id":"https:\/\/gtl-landschaftsarchitektur.de\/en\/projekt\/climate-friendly-forum-salzgitter\/#primaryimage"},"image":{"@id":"https:\/\/gtl-landschaftsarchitektur.de\/en\/projekt\/climate-friendly-forum-salzgitter\/#primaryimage"},"thumbnailUrl":"https:\/\/gtl-landschaftsarchitektur.de\/wp-content\/uploads\/2024\/08\/20240429-signal-2023-09-28-19-50-13-385-1.jpg","datePublished":"2024-08-09T09:04:13+00:00","dateModified":"2024-08-09T09:08:25+00:00","breadcrumb":{"@id":"https:\/\/gtl-landschaftsarchitektur.de\/en\/projekt\/climate-friendly-forum-salzgitter\/#breadcrumb"},"inLanguage":"en-US","potentialAction":[{"@type":"ReadAction","target":["https:\/\/gtl-landschaftsarchitektur.de\/en\/projekt\/climate-friendly-forum-salzgitter\/"]}]},{"@type":"ImageObject","inLanguage":"en-US","@id":"https:\/\/gtl-landschaftsarchitektur.de\/en\/projekt\/climate-friendly-forum-salzgitter\/#primaryimage","url":"https:\/\/gtl-landschaftsarchitektur.de\/wp-content\/uploads\/2024\/08\/20240429-signal-2023-09-28-19-50-13-385-1.jpg","contentUrl":"https:\/\/gtl-landschaftsarchitektur.de\/wp-content\/uploads\/2024\/08\/20240429-signal-2023-09-28-19-50-13-385-1.jpg","width":1500,"height":2000,"caption":"\u00a9GTL"},{"@type":"BreadcrumbList","@id":"https:\/\/gtl-landschaftsarchitektur.de\/en\/projekt\/climate-friendly-forum-salzgitter\/#breadcrumb","itemListElement":[{"@type":"ListItem","position":1,"name":"Startseite","item":"https:\/\/gtl-landschaftsarchitektur.de\/en\/"},{"@type":"ListItem","position":2,"name":"Projekt","item":"https:\/\/gtl-landschaftsarchitektur.de\/en\/projekt\/"},{"@type":"ListItem","position":3,"name":"Climate-friendly forum | Salzgitter"}]},{"@type":"WebSite","@id":"https:\/\/gtl-landschaftsarchitektur.de\/#website","url":"https:\/\/gtl-landschaftsarchitektur.de\/","name":"GTL-Michael Triebswetter","description":"St\u00e4dtebauliche Planung, repr\u00e4sentative Au\u00dfenanlagen an Verwaltungsbauten, Wohnumfeldverbesserung in Gro\u00dfsiedlungen, Gestaltung von innerst\u00e4dtischen Projekten","publisher":{"@id":"https:\/\/gtl-landschaftsarchitektur.de\/#organization"},"potentialAction":[{"@type":"SearchAction","target":{"@type":"EntryPoint","urlTemplate":"https:\/\/gtl-landschaftsarchitektur.de\/?s={search_term_string}"},"query-input":{"@type":"PropertyValueSpecification","valueRequired":true,"valueName":"search_term_string"}}],"inLanguage":"en-US"},{"@type":"Organization","@id":"https:\/\/gtl-landschaftsarchitektur.de\/#organization","name":"Gtl Landschaftsarchitektur","url":"https:\/\/gtl-landschaftsarchitektur.de\/","logo":{"@type":"ImageObject","inLanguage":"en-US","@id":"https:\/\/gtl-landschaftsarchitektur.de\/#\/schema\/logo\/image\/","url":"https:\/\/gtl-landschaftsarchitektur.de\/wp-content\/uploads\/2017\/09\/logo-gtl.png","contentUrl":"https:\/\/gtl-landschaftsarchitektur.de\/wp-content\/uploads\/2017\/09\/logo-gtl.png","width":185,"height":119,"caption":"Gtl Landschaftsarchitektur"},"image":{"@id":"https:\/\/gtl-landschaftsarchitektur.de\/#\/schema\/logo\/image\/"}}]}},"_links":{"self":[{"href":"https:\/\/gtl-landschaftsarchitektur.de\/en\/wp-json\/wp\/v2\/portfolio\/12701","targetHints":{"allow":["GET"]}}],"collection":[{"href":"https:\/\/gtl-landschaftsarchitektur.de\/en\/wp-json\/wp\/v2\/portfolio"}],"about":[{"href":"https:\/\/gtl-landschaftsarchitektur.de\/en\/wp-json\/wp\/v2\/types\/portfolio"}],"author":[{"embeddable":true,"href":"https:\/\/gtl-landschaftsarchitektur.de\/en\/wp-json\/wp\/v2\/users\/5"}],"replies":[{"embeddable":true,"href":"https:\/\/gtl-landschaftsarchitektur.de\/en\/wp-json\/wp\/v2\/comments?post=12701"}],"version-history":[{"count":4,"href":"https:\/\/gtl-landschaftsarchitektur.de\/en\/wp-json\/wp\/v2\/portfolio\/12701\/revisions"}],"predecessor-version":[{"id":12734,"href":"https:\/\/gtl-landschaftsarchitektur.de\/en\/wp-json\/wp\/v2\/portfolio\/12701\/revisions\/12734"}],"wp:featuredmedia":[{"embeddable":true,"href":"https:\/\/gtl-landschaftsarchitektur.de\/en\/wp-json\/wp\/v2\/media\/12722"}],"wp:attachment":[{"href":"https:\/\/gtl-landschaftsarchitektur.de\/en\/wp-json\/wp\/v2\/media?parent=12701"}],"wp:term":[{"taxonomy":"portfolio_category","embeddable":true,"href":"https:\/\/gtl-landschaftsarchitektur.de\/en\/wp-json\/wp\/v2\/portfolio_category?post=12701"}],"curies":[{"name":"wp","href":"https:\/\/api.w.org\/{rel}","templated":true}]}}